{"id":26951,"date":"2021-11-09T19:27:52","date_gmt":"2021-11-09T19:27:52","guid":{"rendered":"http:\/\/apal.pt\/home\/?page_id=26951"},"modified":"2025-04-01T12:31:35","modified_gmt":"2025-04-01T12:31:35","slug":"orgaos-sociais","status":"publish","type":"page","link":"https:\/\/apal.pt\/home\/homepage-business-multipurpose\/orgaos-sociais\/","title":{"rendered":"\u00d3rg\u00e3os Sociais"},"content":{"rendered":"\t\t<div data-elementor-type=\"wp-page\" data-elementor-id=\"26951\" class=\"elementor elementor-26951\" data-elementor-post-type=\"page\">\n\t\t\t\t\t\t<section class=\"elementor-section elementor-top-section elementor-element elementor-element-084cef8 elementor-section-boxed elementor-section-height-default elementor-section-height-default\" data-id=\"084cef8\" data-element_type=\"section\" data-e-type=\"section\" data-settings=\"{&quot;background_background&quot;:&quot;classic&quot;}\">\r\n\t\t\t\t\t\t<div class=\"elementor-container elementor-column-gap-thegem\"><div class=\"elementor-row\">\r\n\t\t\t\t\t<div class=\"elementor-column elementor-col-100 elementor-top-column elementor-element elementor-element-8f90e8a\" data-id=\"8f90e8a\" data-element_type=\"column\" data-e-type=\"column\" data-settings=\"{&quot;background_background&quot;:&quot;classic&quot;}\">\n\t\t\t<div class=\"elementor-widget-wrap elementor-element-populated\">\n\t\t\t\t\t\t<div class=\"elementor-element elementor-element-4bca079 flex-horizontal-align-default flex-horizontal-align-tablet-default flex-horizontal-align-mobile-default flex-vertical-align-default flex-vertical-align-tablet-default flex-vertical-align-mobile-default elementor-widget elementor-widget-heading\" data-id=\"4bca079\" data-element_type=\"widget\" data-e-type=\"widget\" data-widget_type=\"heading.default\">\n\t\t\t\t<div class=\"elementor-widget-container\">\n\t\t\t\t\t<h2 class=\"elementor-heading-title elementor-size-default\">\u00d3rg\u00e3os Sociais<\/h2>\t\t\t\t<\/div>\n\t\t\t\t<\/div>\n\t\t\t\t\t<\/div>\n\t\t<\/div>\n\t\t\t\t\t<\/div><\/div>\r\n\t\t<\/section>\r\n\t\t\t\t<section class=\"elementor-section elementor-top-section elementor-element elementor-element-ba063d6 elementor-section-boxed elementor-section-height-default elementor-section-height-default\" data-id=\"ba063d6\" data-element_type=\"section\" data-e-type=\"section\">\r\n\t\t\t\t\t\t<div class=\"elementor-container elementor-column-gap-thegem\"><div class=\"elementor-row\">\r\n\t\t\t\t\t<div class=\"elementor-column elementor-col-100 elementor-top-column elementor-element elementor-element-1a4da81\" data-id=\"1a4da81\" data-element_type=\"column\" data-e-type=\"column\">\n\t\t\t<div class=\"elementor-widget-wrap elementor-element-populated\">\n\t\t\t\t\t\t<div class=\"elementor-element elementor-element-0e91143 flex-horizontal-align-default flex-horizontal-align-tablet-default flex-horizontal-align-mobile-default flex-vertical-align-default flex-vertical-align-tablet-default flex-vertical-align-mobile-default elementor-widget elementor-widget-text-editor\" data-id=\"0e91143\" data-element_type=\"widget\" data-e-type=\"widget\" data-widget_type=\"text-editor.default\">\n\t\t\t\t<div class=\"elementor-widget-container\">\n\t\t\t\t\t\t\t\t\t\t\t\t<div class=\"elementor-text-editor elementor-clearfix\">\r\n\t\t\t\t\t\t<p>A gest\u00e3o da APAL \u00e9 assegurada por um conjunto de \u00f3rg\u00e3os sociais que s\u00e3o eleitos em reuni\u00e3o da Assembleia Geral, para um mandato de dois anos.<\/p><p>A actual <strong>composi\u00e7\u00e3o dos \u00f3rg\u00e3os sociais, para o bi\u00e9nio de 2020\/2022<\/strong> , \u00e9 a seguinte:<\/p><h3><strong>Mesa da Assembleia Geral<\/strong><\/h3><p><strong>Presidente: <\/strong>Eng.\u00ba Jos\u00e9 Manuel Fernandes Almeida, em representa\u00e7\u00e3o da<strong> <a href=\"http:\/\/www.lacbraga.pt\/\" target=\"_blank\" rel=\"noopener\">LACBRAGA, S.A.<\/a> <\/strong><br \/><strong>1\u00ba Secret\u00e1rio: <\/strong>Eng.\u00aa Elisabete Ramos, em representa\u00e7\u00e3o da <strong><a href=\"http:\/\/www.tafe.pt\/\" target=\"_blank\" rel=\"noopener\">ALUTRATA, Lda.<\/a><\/strong><br \/><strong>2\u00ba Secret\u00e1rio: <\/strong>Eng.\u00aa Patr\u00edcia Vidal, em representa\u00e7\u00e3o da <a href=\"http:\/\/www.anicolor.pt\/\" target=\"_blank\" rel=\"noopener\"><strong>ANICOLOR, Lda<\/strong><\/a>.<\/p><h3><strong>Dire\u00e7\u00e3o<\/strong><\/h3><p><strong>Presidente:\u00a0<\/strong>Sr. Jos\u00e9 Manuel Pereira Dias, em representa\u00e7\u00e3o da<strong> <a href=\"https:\/\/www.hydroextrusions.com\/pt-PT\/as-nossas-unidades\/europe\/portugal\/?HaveReadCookie=true\" target=\"_blank\" rel=\"noopener\">da HYDRO BUILDING SYSTEMS PORTUGAL, S.A.<\/a>.<\/strong> <br \/><strong>Vice-Presidente:\u00a0<\/strong>Eng.\u00ba Diogo Barreto, em representa\u00e7\u00e3o da<strong><a href=\"https:\/\/www.lacoviana.pt\/\" target=\"_blank\" rel=\"noopener\"> LACOVIANA LDA<\/a>.<\/strong> <br \/><strong>Secret\u00e1rio: <\/strong>Eng.\u00aa Alichandra Castro, em representa\u00e7\u00e3o da<strong> <a href=\"http:\/\/www.extrusal.pt\/\" target=\"_blank\" rel=\"noopener\">EUROGALVA, S.A.<\/a><\/strong> <br \/><strong>Tesoureiro:\u00a0<\/strong>Dr. Rui Martins, em representa\u00e7\u00e3o da<strong> <a href=\"https:\/\/performance-coatings.cin.com\/pt\/\" target=\"_blank\" rel=\"noopener\">CIN INDUSTRIAL COATINGS, S.A<\/a><\/strong> <br \/><strong>Vogal: <\/strong>Eng.\u00ba Jorge Trolho, em representa\u00e7\u00e3o da<a href=\"https:\/\/www.chemetall.com\/Global\/Europe\/Portugal\/index.jsp\"><strong> CHEMETALL, S.A.<\/strong><\/a><\/p><h3><strong>Conselho Fiscal<\/strong><\/h3><p><strong>Presidente:\u00a0<\/strong>Dr. Tiago Leite, em representa\u00e7\u00e3o da <strong><a href=\"https:\/\/www.termolaca.pt\/\" target=\"_blank\" rel=\"noopener\">J. SILVA &amp; C.\u00aa LDA<\/a>.<\/strong> <br \/><strong>Vogal:\u00a0<\/strong>Eng\u00ba Rui Abreu,\u00a0em representa\u00e7\u00e3o da\u00a0<strong><a href=\"#\">HYDRO ALUMINIUM EXTRUSION PORTUGAL HAEP, S.A.<\/a><\/strong><span class=\"Apple-converted-space\">\u00a0<\/span><\/p><p><strong>Vogal:<\/strong> Sr. Faustino Ferreira Dias, em representa\u00e7\u00e3o da <a href=\"http:\/\/www.godilac.com\/UK\/\" target=\"_blank\" rel=\"noopener\"><strong>GODILAC II, S.A.<\/strong><\/a><\/p>\t\t\t\t\t\t\t<\/div>\r\n\t\t\t\t\t\t\t\t\t\t<\/div>\n\t\t\t\t<\/div>\n\t\t\t\t\t<\/div>\n\t\t<\/div>\n\t\t\t\t\t<\/div><\/div>\r\n\t\t<\/section>\r\n\t\t\t\t<\/div>\n\t\t","protected":false},"excerpt":{"rendered":"<p>\u00d3rg\u00e3os Sociais A gest\u00e3o da APAL \u00e9 assegurada por um conjunto de \u00f3rg\u00e3os sociais que s\u00e3o eleitos em reuni\u00e3o da&#8230;<\/p>\n","protected":false},"author":1,"featured_media":0,"parent":8930,"menu_order":4,"comment_status":"closed","ping_status":"closed","template":"page-fullwidth.php","meta":{"footnotes":""},"class_list":["post-26951","page","type-page","status-publish"],"yoast_head":"<!-- This site is optimized with the Yoast SEO plugin v27.4 - https:\/\/yoast.com\/product\/yoast-seo-wordpress\/ -->\n<title>\u00d3rg\u00e3os Sociais - Apal<\/title>\n<meta name=\"robots\" content=\"index, follow, max-snippet:-1, max-image-preview:large, max-video-preview:-1\" \/>\n<link rel=\"canonical\" href=\"https:\/\/apal.pt\/home\/homepage-business-multipurpose\/orgaos-sociais\/\" \/>\n<meta property=\"og:locale\" content=\"en_US\" \/>\n<meta property=\"og:type\" content=\"article\" \/>\n<meta property=\"og:title\" content=\"\u00d3rg\u00e3os Sociais - Apal\" \/>\n<meta property=\"og:description\" content=\"\u00d3rg\u00e3os Sociais A gest\u00e3o da APAL \u00e9 assegurada por um conjunto de \u00f3rg\u00e3os sociais que s\u00e3o eleitos em reuni\u00e3o da...\" \/>\n<meta property=\"og:url\" content=\"https:\/\/apal.pt\/home\/homepage-business-multipurpose\/orgaos-sociais\/\" \/>\n<meta property=\"og:site_name\" content=\"Apal\" \/>\n<meta property=\"article:publisher\" content=\"https:\/\/www.facebook.com\/apaluminio\/?locale=pt_PT\" \/>\n<meta property=\"article:modified_time\" content=\"2025-04-01T12:31:35+00:00\" \/>\n<meta property=\"og:image\" content=\"https:\/\/apal.pt\/home\/wp-content\/uploads\/2021\/11\/ApalAzul.png\" \/>\n\t<meta property=\"og:image:width\" content=\"922\" \/>\n\t<meta property=\"og:image:height\" content=\"497\" \/>\n\t<meta property=\"og:image:type\" content=\"image\/png\" \/>\n<meta name=\"twitter:card\" content=\"summary_large_image\" \/>\n<meta name=\"twitter:label1\" content=\"Est. reading time\" \/>\n\t<meta name=\"twitter:data1\" content=\"1 minute\" \/>\n<script type=\"application\/ld+json\" class=\"yoast-schema-graph\">{\"@context\":\"https:\\\/\\\/schema.org\",\"@graph\":[{\"@type\":\"WebPage\",\"@id\":\"https:\\\/\\\/apal.pt\\\/home\\\/homepage-business-multipurpose\\\/orgaos-sociais\\\/\",\"url\":\"https:\\\/\\\/apal.pt\\\/home\\\/homepage-business-multipurpose\\\/orgaos-sociais\\\/\",\"name\":\"\u00d3rg\u00e3os Sociais - Apal\",\"isPartOf\":{\"@id\":\"https:\\\/\\\/apal.pt\\\/home\\\/#website\"},\"datePublished\":\"2021-11-09T19:27:52+00:00\",\"dateModified\":\"2025-04-01T12:31:35+00:00\",\"breadcrumb\":{\"@id\":\"https:\\\/\\\/apal.pt\\\/home\\\/homepage-business-multipurpose\\\/orgaos-sociais\\\/#breadcrumb\"},\"inLanguage\":\"en-US\",\"potentialAction\":[{\"@type\":\"ReadAction\",\"target\":[\"https:\\\/\\\/apal.pt\\\/home\\\/homepage-business-multipurpose\\\/orgaos-sociais\\\/\"]}]},{\"@type\":\"BreadcrumbList\",\"@id\":\"https:\\\/\\\/apal.pt\\\/home\\\/homepage-business-multipurpose\\\/orgaos-sociais\\\/#breadcrumb\",\"itemListElement\":[{\"@type\":\"ListItem\",\"position\":1,\"name\":\"Home\",\"item\":\"https:\\\/\\\/apal.pt\\\/home\\\/\"},{\"@type\":\"ListItem\",\"position\":2,\"name\":\"In\u00edcio\",\"item\":\"https:\\\/\\\/apal.pt\\\/home\\\/\"},{\"@type\":\"ListItem\",\"position\":3,\"name\":\"\u00d3rg\u00e3os Sociais\"}]},{\"@type\":\"WebSite\",\"@id\":\"https:\\\/\\\/apal.pt\\\/home\\\/#website\",\"url\":\"https:\\\/\\\/apal.pt\\\/home\\\/\",\"name\":\"Apal\",\"description\":\"Associa\u00e7\u00e3o Portuguesa do Alum\u00ednio\",\"publisher\":{\"@id\":\"https:\\\/\\\/apal.pt\\\/home\\\/#organization\"},\"potentialAction\":[{\"@type\":\"SearchAction\",\"target\":{\"@type\":\"EntryPoint\",\"urlTemplate\":\"https:\\\/\\\/apal.pt\\\/home\\\/?s={search_term_string}\"},\"query-input\":{\"@type\":\"PropertyValueSpecification\",\"valueRequired\":true,\"valueName\":\"search_term_string\"}}],\"inLanguage\":\"en-US\"},{\"@type\":\"Organization\",\"@id\":\"https:\\\/\\\/apal.pt\\\/home\\\/#organization\",\"name\":\"Apal - Associa\u00e7\u00e3o Portuguesa do Alum\u00ednio\",\"url\":\"https:\\\/\\\/apal.pt\\\/home\\\/\",\"logo\":{\"@type\":\"ImageObject\",\"inLanguage\":\"en-US\",\"@id\":\"https:\\\/\\\/apal.pt\\\/home\\\/#\\\/schema\\\/logo\\\/image\\\/\",\"url\":\"https:\\\/\\\/apal.pt\\\/home\\\/wp-content\\\/uploads\\\/2021\\\/10\\\/Apal_final_black.png\",\"contentUrl\":\"https:\\\/\\\/apal.pt\\\/home\\\/wp-content\\\/uploads\\\/2021\\\/10\\\/Apal_final_black.png\",\"width\":2048,\"height\":1119,\"caption\":\"Apal - Associa\u00e7\u00e3o Portuguesa do Alum\u00ednio\"},\"image\":{\"@id\":\"https:\\\/\\\/apal.pt\\\/home\\\/#\\\/schema\\\/logo\\\/image\\\/\"},\"sameAs\":[\"https:\\\/\\\/www.facebook.com\\\/apaluminio\\\/?locale=pt_PT\"]}]}<\/script>\n<!-- \/ Yoast SEO plugin. -->","yoast_head_json":{"title":"\u00d3rg\u00e3os Sociais - Apal","robots":{"index":"index","follow":"follow","max-snippet":"max-snippet:-1","max-image-preview":"max-image-preview:large","max-video-preview":"max-video-preview:-1"},"canonical":"https:\/\/apal.pt\/home\/homepage-business-multipurpose\/orgaos-sociais\/","og_locale":"en_US","og_type":"article","og_title":"\u00d3rg\u00e3os Sociais - Apal","og_description":"\u00d3rg\u00e3os Sociais A gest\u00e3o da APAL \u00e9 assegurada por um conjunto de \u00f3rg\u00e3os sociais que s\u00e3o eleitos em reuni\u00e3o da...","og_url":"https:\/\/apal.pt\/home\/homepage-business-multipurpose\/orgaos-sociais\/","og_site_name":"Apal","article_publisher":"https:\/\/www.facebook.com\/apaluminio\/?locale=pt_PT","article_modified_time":"2025-04-01T12:31:35+00:00","og_image":[{"width":922,"height":497,"url":"https:\/\/apal.pt\/home\/wp-content\/uploads\/2021\/11\/ApalAzul.png","type":"image\/png"}],"twitter_card":"summary_large_image","twitter_misc":{"Est. reading time":"1 minute"},"schema":{"@context":"https:\/\/schema.org","@graph":[{"@type":"WebPage","@id":"https:\/\/apal.pt\/home\/homepage-business-multipurpose\/orgaos-sociais\/","url":"https:\/\/apal.pt\/home\/homepage-business-multipurpose\/orgaos-sociais\/","name":"\u00d3rg\u00e3os Sociais - Apal","isPartOf":{"@id":"https:\/\/apal.pt\/home\/#website"},"datePublished":"2021-11-09T19:27:52+00:00","dateModified":"2025-04-01T12:31:35+00:00","breadcrumb":{"@id":"https:\/\/apal.pt\/home\/homepage-business-multipurpose\/orgaos-sociais\/#breadcrumb"},"inLanguage":"en-US","potentialAction":[{"@type":"ReadAction","target":["https:\/\/apal.pt\/home\/homepage-business-multipurpose\/orgaos-sociais\/"]}]},{"@type":"BreadcrumbList","@id":"https:\/\/apal.pt\/home\/homepage-business-multipurpose\/orgaos-sociais\/#breadcrumb","itemListElement":[{"@type":"ListItem","position":1,"name":"Home","item":"https:\/\/apal.pt\/home\/"},{"@type":"ListItem","position":2,"name":"In\u00edcio","item":"https:\/\/apal.pt\/home\/"},{"@type":"ListItem","position":3,"name":"\u00d3rg\u00e3os Sociais"}]},{"@type":"WebSite","@id":"https:\/\/apal.pt\/home\/#website","url":"https:\/\/apal.pt\/home\/","name":"Apal","description":"Associa\u00e7\u00e3o Portuguesa do Alum\u00ednio","publisher":{"@id":"https:\/\/apal.pt\/home\/#organization"},"potentialAction":[{"@type":"SearchAction","target":{"@type":"EntryPoint","urlTemplate":"https:\/\/apal.pt\/home\/?s={search_term_string}"},"query-input":{"@type":"PropertyValueSpecification","valueRequired":true,"valueName":"search_term_string"}}],"inLanguage":"en-US"},{"@type":"Organization","@id":"https:\/\/apal.pt\/home\/#organization","name":"Apal - Associa\u00e7\u00e3o Portuguesa do Alum\u00ednio","url":"https:\/\/apal.pt\/home\/","logo":{"@type":"ImageObject","inLanguage":"en-US","@id":"https:\/\/apal.pt\/home\/#\/schema\/logo\/image\/","url":"https:\/\/apal.pt\/home\/wp-content\/uploads\/2021\/10\/Apal_final_black.png","contentUrl":"https:\/\/apal.pt\/home\/wp-content\/uploads\/2021\/10\/Apal_final_black.png","width":2048,"height":1119,"caption":"Apal - Associa\u00e7\u00e3o Portuguesa do Alum\u00ednio"},"image":{"@id":"https:\/\/apal.pt\/home\/#\/schema\/logo\/image\/"},"sameAs":["https:\/\/www.facebook.com\/apaluminio\/?locale=pt_PT"]}]}},"_links":{"self":[{"href":"https:\/\/apal.pt\/home\/wp-json\/wp\/v2\/pages\/26951","targetHints":{"allow":["GET"]}}],"collection":[{"href":"https:\/\/apal.pt\/home\/wp-json\/wp\/v2\/pages"}],"about":[{"href":"https:\/\/apal.pt\/home\/wp-json\/wp\/v2\/types\/page"}],"author":[{"embeddable":true,"href":"https:\/\/apal.pt\/home\/wp-json\/wp\/v2\/users\/1"}],"replies":[{"embeddable":true,"href":"https:\/\/apal.pt\/home\/wp-json\/wp\/v2\/comments?post=26951"}],"version-history":[{"count":0,"href":"https:\/\/apal.pt\/home\/wp-json\/wp\/v2\/pages\/26951\/revisions"}],"up":[{"embeddable":true,"href":"https:\/\/apal.pt\/home\/wp-json\/wp\/v2\/pages\/8930"}],"wp:attachment":[{"href":"https:\/\/apal.pt\/home\/wp-json\/wp\/v2\/media?parent=26951"}],"curies":[{"name":"wp","href":"https:\/\/api.w.org\/{rel}","templated":true}]}}