{"id":27183,"date":"2021-12-07T03:00:41","date_gmt":"2021-12-07T03:00:41","guid":{"rendered":"http:\/\/apal.pt\/home\/?page_id=27183"},"modified":"2021-12-07T13:08:34","modified_gmt":"2021-12-07T13:08:34","slug":"apoio-a-associados","status":"publish","type":"page","link":"https:\/\/apal.pt\/home\/homepage-business-multipurpose\/eventos\/apoio-a-associados\/","title":{"rendered":"Apoio a Associados"},"content":{"rendered":"\t\t<div data-elementor-type=\"wp-page\" data-elementor-id=\"27183\" class=\"elementor elementor-27183\" data-elementor-post-type=\"page\">\n\t\t\t\t\t\t<section class=\"elementor-section elementor-top-section elementor-element elementor-element-7991692c elementor-section-full_width elementor-section-stretched elementor-section-height-default elementor-section-height-default\" data-id=\"7991692c\" data-element_type=\"section\" data-e-type=\"section\" data-settings=\"{&quot;stretch_section&quot;:&quot;section-stretched&quot;,&quot;background_background&quot;:&quot;classic&quot;}\">\r\n\t\t\t\t\t\t<div class=\"elementor-container elementor-column-gap-thegem\"><div class=\"elementor-row\">\r\n\t\t\t\t\t<div class=\"elementor-column elementor-col-100 elementor-top-column elementor-element elementor-element-666e6a16\" data-id=\"666e6a16\" data-element_type=\"column\" data-e-type=\"column\">\n\t\t\t<div class=\"elementor-widget-wrap elementor-element-populated\">\n\t\t\t\t\t\t<div class=\"elementor-element elementor-element-117b674c flex-horizontal-align-default flex-horizontal-align-tablet-default flex-horizontal-align-mobile-default flex-vertical-align-default flex-vertical-align-tablet-default flex-vertical-align-mobile-default elementor-widget elementor-widget-heading\" data-id=\"117b674c\" data-element_type=\"widget\" data-e-type=\"widget\" data-widget_type=\"heading.default\">\n\t\t\t\t<div class=\"elementor-widget-container\">\n\t\t\t\t\t<div class=\"title-h2 elementor-heading-title elementor-size-default\">Apoio a Associados<\/div>\t\t\t\t<\/div>\n\t\t\t\t<\/div>\n\t\t\t\t<section class=\"elementor-section elementor-inner-section elementor-element elementor-element-22ca0683 elementor-section-height-min-height elementor-section-content-middle elementor-section-boxed elementor-section-height-default\" data-id=\"22ca0683\" data-element_type=\"section\" data-e-type=\"section\">\r\n\t\t\t\t\t\t<div class=\"elementor-container elementor-column-gap-thegem\"><div class=\"elementor-row\">\r\n\t\t\t\t\t<div class=\"elementor-column elementor-col-100 elementor-inner-column elementor-element elementor-element-4185cb0f\" data-id=\"4185cb0f\" data-element_type=\"column\" data-e-type=\"column\">\n\t\t\t<div class=\"elementor-widget-wrap elementor-element-populated\">\n\t\t\t\t\t\t<div class=\"elementor-element elementor-element-140a1a68 elementor-widget__width-initial flex-horizontal-align-default flex-horizontal-align-tablet-default flex-horizontal-align-mobile-default flex-vertical-align-default flex-vertical-align-tablet-default flex-vertical-align-mobile-default elementor-widget elementor-widget-text-editor\" data-id=\"140a1a68\" data-element_type=\"widget\" data-e-type=\"widget\" data-widget_type=\"text-editor.default\">\n\t\t\t\t<div class=\"elementor-widget-container\">\n\t\t\t\t\t\t\t\t\t\t\t\t<div class=\"elementor-text-editor elementor-clearfix\">\r\n\t\t\t\t\t\t<p>As actividades desenvolvidas pela APAL t\u00eam-se traduzido na:<\/p><ul><li>Divulga\u00e7\u00e3o junto dos associados de variada informa\u00e7\u00e3o sobre tecnologias e processos, atrav\u00e9s da assinatura de v\u00e1rias revistas da especialidade e fornecimento aos associados de c\u00f3pias dos artigos por eles solicitados, com base nos \u00edndices das mesmas que lhes s\u00e3o enviados;<\/li><li>Promo\u00e7\u00e3o de Jornadas T\u00e9cnicas anuais, em geral em n\u00famero de duas, nas quais s\u00e3o divulgados os conhecimentos mais recentes sobre os diferentes sectores, na sequ\u00eancia do que tem lugar uma troca de impress\u00f5es para esclarecimento de d\u00favidas dos associados;<\/li><li>Publica\u00e7\u00e3o e distribui\u00e7\u00e3o de informa\u00e7\u00e3o sobre normas e procedimentos concernentes \u00e0 anodiza\u00e7\u00e3o, lacagem e decora\u00e7\u00e3o do alum\u00ednio e lacagem do a\u00e7o mantendo os seus associados informados sobre a legisla\u00e7\u00e3o aplic\u00e1vel \u00e0 sua actividade industrial. Destaca-se a publica\u00e7\u00e3o, frequentemente actualizada, da vers\u00e3o portuguesa das Directivas;<\/li><li>Publica\u00e7\u00e3o da vers\u00e3o portuguesa dos seguintes livros t\u00e9cnicos da especialidade, cujas vers\u00e3o impressa poder\u00e1 adquirida junto da Associa\u00e7\u00e3o:<ul><li style=\"list-style-type: none;\"><ul><li style=\"list-style-type: none;\"><ul><li><a href=\"http:\/\/apal.pt\/pub1.html\">DEFEITOS DO ALUM\u00cdNIO E DO ALUM\u00cdNIO ANODIZADO<\/a> &#8211; Causas e rem\u00e9dios, segundo a vers\u00e3o original do CIOA &#8211; Centro Italiano de Ossidatori Anodici.<\/li><li><a href=\"http:\/\/apal.pt\/pub2.html\">GUIA PR\u00c1TICO DA ANODIZA\u00c7\u00c3O<\/a>, segundo a vers\u00e3o original do CIOA &#8211; Centro Italiano de Ossidatori Anodici, adaptado pela ADAL &#8211; Association pour le D\u00e9veloppement de l\u2019Aluminium Anodis\u00e9 ou Laqu\u00e9;<\/li><li><a href=\"http:\/\/apal.pt\/pub3.html\">GUIA PR\u00c1TICO DA LACAGEM<\/a>, segundo a vers\u00e3o original da ADAL- Association pour le D\u00e9veloppement de l\u2019Aluminium Anodis\u00e9 ou Laqu\u00e9.<\/li><\/ul><\/li><\/ul><\/li><\/ul><h3><a href=\"http:\/\/apal.pt\/publicacoes.html\">Venda de Publica\u00e7\u00f5es<\/a><\/h3><p>Como consequ\u00eancia l\u00f3gica dessa din\u00e2mica, a APAL tem vindo a aumentar o n\u00famero de associados, congregando actualmente: Extrusores, Anodizadores, Lacadores, Fabricantes de P\u00f3s e de Produtos Qu\u00edmicos, Armazenistas e outras organiza\u00e7\u00f5es ligadas ao alum\u00ednio. Em virtude das crescentes exig\u00eancias do mercado, tem vindo a aumentar o n\u00famero de associados detentores das licen\u00e7as de marca de qualidade Qualanod, Qualicoat e Qualideco. Em 2012 foi concedida em Portugal a primeira licen\u00e7a para lacagem sobre a\u00e7o, designada por Qualisteelcoat.<\/p><p>A APAL est\u00e1 ao servi\u00e7o dos seus associados e de outros interessados. No entanto, algumas informa\u00e7\u00f5es s\u00e3o reservadas exclusivamente aos associados. Estamos contact\u00e1veis por telefone, correio electr\u00f3nico ou correspond\u00eancia para a nossa Sede:<\/p><div><strong>ASSOCIA\u00c7\u00c3O PORTUGUESA DO ALUM\u00cdNIO<\/strong><br \/>Rua Conselheiro Lu\u00eds de Magalh\u00e3es, N.\u00ba 46-1\u00ba Sala B2<br \/>Apartado 287<br \/>3811-901 Aveiro, Portugal<br \/>Telefone e Fax: (+351) 234 422 241<br \/>email: <a href=\"mailto:apaluminio@mail.telepac.pt\">apaluminio@mail.telepac.pt<\/a><\/div><\/li><\/ul>\t\t\t\t\t\t\t<\/div>\r\n\t\t\t\t\t\t\t\t\t\t<\/div>\n\t\t\t\t<\/div>\n\t\t\t\t\t<\/div>\n\t\t<\/div>\n\t\t\t\t\t<\/div><\/div>\r\n\t\t<\/section>\r\n\t\t\t\t\t<\/div>\n\t\t<\/div>\n\t\t\t\t\t<\/div><\/div>\r\n\t\t<\/section>\r\n\t\t\t\t<\/div>\n\t\t","protected":false},"excerpt":{"rendered":"<p>Apoio a Associados As actividades desenvolvidas pela APAL t\u00eam-se traduzido na: Divulga\u00e7\u00e3o junto dos associados de variada informa\u00e7\u00e3o sobre tecnologias&#8230;<\/p>\n","protected":false},"author":1,"featured_media":0,"parent":27062,"menu_order":0,"comment_status":"closed","ping_status":"closed","template":"page-fullwidth.php","meta":{"footnotes":""},"class_list":["post-27183","page","type-page","status-publish"],"yoast_head":"<!-- This site is optimized with the Yoast SEO plugin v27.4 - https:\/\/yoast.com\/product\/yoast-seo-wordpress\/ -->\n<title>Apoio a Associados - Apal<\/title>\n<meta name=\"robots\" content=\"index, follow, max-snippet:-1, max-image-preview:large, max-video-preview:-1\" \/>\n<link rel=\"canonical\" href=\"https:\/\/apal.pt\/home\/homepage-business-multipurpose\/eventos\/apoio-a-associados\/\" \/>\n<meta property=\"og:locale\" content=\"en_US\" \/>\n<meta property=\"og:type\" content=\"article\" \/>\n<meta property=\"og:title\" content=\"Apoio a Associados - Apal\" \/>\n<meta property=\"og:description\" content=\"Apoio a Associados As actividades desenvolvidas pela APAL t\u00eam-se traduzido na: Divulga\u00e7\u00e3o junto dos associados de variada informa\u00e7\u00e3o sobre tecnologias...\" \/>\n<meta property=\"og:url\" content=\"https:\/\/apal.pt\/home\/homepage-business-multipurpose\/eventos\/apoio-a-associados\/\" \/>\n<meta property=\"og:site_name\" content=\"Apal\" \/>\n<meta property=\"article:publisher\" content=\"https:\/\/www.facebook.com\/apaluminio\/?locale=pt_PT\" \/>\n<meta property=\"article:modified_time\" content=\"2021-12-07T13:08:34+00:00\" \/>\n<meta property=\"og:image\" content=\"https:\/\/apal.pt\/home\/wp-content\/uploads\/2021\/11\/ApalAzul.png\" \/>\n\t<meta property=\"og:image:width\" content=\"922\" \/>\n\t<meta property=\"og:image:height\" content=\"497\" \/>\n\t<meta property=\"og:image:type\" content=\"image\/png\" \/>\n<meta name=\"twitter:card\" content=\"summary_large_image\" \/>\n<meta name=\"twitter:label1\" content=\"Est. reading time\" \/>\n\t<meta name=\"twitter:data1\" content=\"2 minutes\" \/>\n<script type=\"application\/ld+json\" class=\"yoast-schema-graph\">{\"@context\":\"https:\\\/\\\/schema.org\",\"@graph\":[{\"@type\":\"WebPage\",\"@id\":\"https:\\\/\\\/apal.pt\\\/home\\\/homepage-business-multipurpose\\\/eventos\\\/apoio-a-associados\\\/\",\"url\":\"https:\\\/\\\/apal.pt\\\/home\\\/homepage-business-multipurpose\\\/eventos\\\/apoio-a-associados\\\/\",\"name\":\"Apoio a Associados - Apal\",\"isPartOf\":{\"@id\":\"https:\\\/\\\/apal.pt\\\/home\\\/#website\"},\"datePublished\":\"2021-12-07T03:00:41+00:00\",\"dateModified\":\"2021-12-07T13:08:34+00:00\",\"breadcrumb\":{\"@id\":\"https:\\\/\\\/apal.pt\\\/home\\\/homepage-business-multipurpose\\\/eventos\\\/apoio-a-associados\\\/#breadcrumb\"},\"inLanguage\":\"en-US\",\"potentialAction\":[{\"@type\":\"ReadAction\",\"target\":[\"https:\\\/\\\/apal.pt\\\/home\\\/homepage-business-multipurpose\\\/eventos\\\/apoio-a-associados\\\/\"]}]},{\"@type\":\"BreadcrumbList\",\"@id\":\"https:\\\/\\\/apal.pt\\\/home\\\/homepage-business-multipurpose\\\/eventos\\\/apoio-a-associados\\\/#breadcrumb\",\"itemListElement\":[{\"@type\":\"ListItem\",\"position\":1,\"name\":\"Home\",\"item\":\"https:\\\/\\\/apal.pt\\\/home\\\/\"},{\"@type\":\"ListItem\",\"position\":2,\"name\":\"In\u00edcio\",\"item\":\"https:\\\/\\\/apal.pt\\\/home\\\/\"},{\"@type\":\"ListItem\",\"position\":3,\"name\":\"Eventos\",\"item\":\"https:\\\/\\\/apal.pt\\\/home\\\/homepage-business-multipurpose\\\/eventos\\\/\"},{\"@type\":\"ListItem\",\"position\":4,\"name\":\"Apoio a Associados\"}]},{\"@type\":\"WebSite\",\"@id\":\"https:\\\/\\\/apal.pt\\\/home\\\/#website\",\"url\":\"https:\\\/\\\/apal.pt\\\/home\\\/\",\"name\":\"Apal\",\"description\":\"Associa\u00e7\u00e3o Portuguesa do Alum\u00ednio\",\"publisher\":{\"@id\":\"https:\\\/\\\/apal.pt\\\/home\\\/#organization\"},\"potentialAction\":[{\"@type\":\"SearchAction\",\"target\":{\"@type\":\"EntryPoint\",\"urlTemplate\":\"https:\\\/\\\/apal.pt\\\/home\\\/?s={search_term_string}\"},\"query-input\":{\"@type\":\"PropertyValueSpecification\",\"valueRequired\":true,\"valueName\":\"search_term_string\"}}],\"inLanguage\":\"en-US\"},{\"@type\":\"Organization\",\"@id\":\"https:\\\/\\\/apal.pt\\\/home\\\/#organization\",\"name\":\"Apal - Associa\u00e7\u00e3o Portuguesa do Alum\u00ednio\",\"url\":\"https:\\\/\\\/apal.pt\\\/home\\\/\",\"logo\":{\"@type\":\"ImageObject\",\"inLanguage\":\"en-US\",\"@id\":\"https:\\\/\\\/apal.pt\\\/home\\\/#\\\/schema\\\/logo\\\/image\\\/\",\"url\":\"https:\\\/\\\/apal.pt\\\/home\\\/wp-content\\\/uploads\\\/2021\\\/10\\\/Apal_final_black.png\",\"contentUrl\":\"https:\\\/\\\/apal.pt\\\/home\\\/wp-content\\\/uploads\\\/2021\\\/10\\\/Apal_final_black.png\",\"width\":2048,\"height\":1119,\"caption\":\"Apal - Associa\u00e7\u00e3o Portuguesa do Alum\u00ednio\"},\"image\":{\"@id\":\"https:\\\/\\\/apal.pt\\\/home\\\/#\\\/schema\\\/logo\\\/image\\\/\"},\"sameAs\":[\"https:\\\/\\\/www.facebook.com\\\/apaluminio\\\/?locale=pt_PT\"]}]}<\/script>\n<!-- \/ Yoast SEO plugin. -->","yoast_head_json":{"title":"Apoio a Associados - Apal","robots":{"index":"index","follow":"follow","max-snippet":"max-snippet:-1","max-image-preview":"max-image-preview:large","max-video-preview":"max-video-preview:-1"},"canonical":"https:\/\/apal.pt\/home\/homepage-business-multipurpose\/eventos\/apoio-a-associados\/","og_locale":"en_US","og_type":"article","og_title":"Apoio a Associados - Apal","og_description":"Apoio a Associados As actividades desenvolvidas pela APAL t\u00eam-se traduzido na: Divulga\u00e7\u00e3o junto dos associados de variada informa\u00e7\u00e3o sobre tecnologias...","og_url":"https:\/\/apal.pt\/home\/homepage-business-multipurpose\/eventos\/apoio-a-associados\/","og_site_name":"Apal","article_publisher":"https:\/\/www.facebook.com\/apaluminio\/?locale=pt_PT","article_modified_time":"2021-12-07T13:08:34+00:00","og_image":[{"width":922,"height":497,"url":"https:\/\/apal.pt\/home\/wp-content\/uploads\/2021\/11\/ApalAzul.png","type":"image\/png"}],"twitter_card":"summary_large_image","twitter_misc":{"Est. reading time":"2 minutes"},"schema":{"@context":"https:\/\/schema.org","@graph":[{"@type":"WebPage","@id":"https:\/\/apal.pt\/home\/homepage-business-multipurpose\/eventos\/apoio-a-associados\/","url":"https:\/\/apal.pt\/home\/homepage-business-multipurpose\/eventos\/apoio-a-associados\/","name":"Apoio a Associados - Apal","isPartOf":{"@id":"https:\/\/apal.pt\/home\/#website"},"datePublished":"2021-12-07T03:00:41+00:00","dateModified":"2021-12-07T13:08:34+00:00","breadcrumb":{"@id":"https:\/\/apal.pt\/home\/homepage-business-multipurpose\/eventos\/apoio-a-associados\/#breadcrumb"},"inLanguage":"en-US","potentialAction":[{"@type":"ReadAction","target":["https:\/\/apal.pt\/home\/homepage-business-multipurpose\/eventos\/apoio-a-associados\/"]}]},{"@type":"BreadcrumbList","@id":"https:\/\/apal.pt\/home\/homepage-business-multipurpose\/eventos\/apoio-a-associados\/#breadcrumb","itemListElement":[{"@type":"ListItem","position":1,"name":"Home","item":"https:\/\/apal.pt\/home\/"},{"@type":"ListItem","position":2,"name":"In\u00edcio","item":"https:\/\/apal.pt\/home\/"},{"@type":"ListItem","position":3,"name":"Eventos","item":"https:\/\/apal.pt\/home\/homepage-business-multipurpose\/eventos\/"},{"@type":"ListItem","position":4,"name":"Apoio a Associados"}]},{"@type":"WebSite","@id":"https:\/\/apal.pt\/home\/#website","url":"https:\/\/apal.pt\/home\/","name":"Apal","description":"Associa\u00e7\u00e3o Portuguesa do Alum\u00ednio","publisher":{"@id":"https:\/\/apal.pt\/home\/#organization"},"potentialAction":[{"@type":"SearchAction","target":{"@type":"EntryPoint","urlTemplate":"https:\/\/apal.pt\/home\/?s={search_term_string}"},"query-input":{"@type":"PropertyValueSpecification","valueRequired":true,"valueName":"search_term_string"}}],"inLanguage":"en-US"},{"@type":"Organization","@id":"https:\/\/apal.pt\/home\/#organization","name":"Apal - Associa\u00e7\u00e3o Portuguesa do Alum\u00ednio","url":"https:\/\/apal.pt\/home\/","logo":{"@type":"ImageObject","inLanguage":"en-US","@id":"https:\/\/apal.pt\/home\/#\/schema\/logo\/image\/","url":"https:\/\/apal.pt\/home\/wp-content\/uploads\/2021\/10\/Apal_final_black.png","contentUrl":"https:\/\/apal.pt\/home\/wp-content\/uploads\/2021\/10\/Apal_final_black.png","width":2048,"height":1119,"caption":"Apal - Associa\u00e7\u00e3o Portuguesa do Alum\u00ednio"},"image":{"@id":"https:\/\/apal.pt\/home\/#\/schema\/logo\/image\/"},"sameAs":["https:\/\/www.facebook.com\/apaluminio\/?locale=pt_PT"]}]}},"_links":{"self":[{"href":"https:\/\/apal.pt\/home\/wp-json\/wp\/v2\/pages\/27183","targetHints":{"allow":["GET"]}}],"collection":[{"href":"https:\/\/apal.pt\/home\/wp-json\/wp\/v2\/pages"}],"about":[{"href":"https:\/\/apal.pt\/home\/wp-json\/wp\/v2\/types\/page"}],"author":[{"embeddable":true,"href":"https:\/\/apal.pt\/home\/wp-json\/wp\/v2\/users\/1"}],"replies":[{"embeddable":true,"href":"https:\/\/apal.pt\/home\/wp-json\/wp\/v2\/comments?post=27183"}],"version-history":[{"count":0,"href":"https:\/\/apal.pt\/home\/wp-json\/wp\/v2\/pages\/27183\/revisions"}],"up":[{"embeddable":true,"href":"https:\/\/apal.pt\/home\/wp-json\/wp\/v2\/pages\/27062"}],"wp:attachment":[{"href":"https:\/\/apal.pt\/home\/wp-json\/wp\/v2\/media?parent=27183"}],"curies":[{"name":"wp","href":"https:\/\/api.w.org\/{rel}","templated":true}]}}